{"id":859,"date":"2021-04-27T12:36:29","date_gmt":"2021-04-27T11:36:29","guid":{"rendered":"https:\/\/katedry.pf.jcu.cz\/kma\/?page_id=859"},"modified":"2023-09-19T09:05:04","modified_gmt":"2023-09-19T08:05:04","slug":"integrovanavyuka","status":"publish","type":"page","link":"https:\/\/katedry.pf.jcu.cz\/kma\/integrovanavyuka\/","title":{"rendered":"IntegrovanaVyuka"},"content":{"rendered":"<h1>Nov\u00e1 kniha kolektivu PF JU a PedF UK: Integrovan\u00e1 v\u00fduka z pohledu v\u00fduky matematiky<\/h1>\n<p>&nbsp;<\/p>\n<table class=\" aligncenter\" style=\"height: 396px;\" width=\"298\">\n<tbody>\n<tr style=\"height: 378.542px;\">\n<td style=\"width: 288.667px; background-color: #ababab; height: 378.542px;\"><img decoding=\"async\" class=\"aligncenter\" src=\"https:\/\/katedry.pf.jcu.cz\/kma\/wp-content\/uploads\/2021\/04\/ObalkaIntegrovanaVyuka.jpg\" alt=\"Ob\u00e1lka knihy\" \/><\/td>\n<\/tr>\n<\/tbody>\n<\/table>\n<p><!-- width=\"250\" height=\"300\" <be> --><\/p>\n<p style=\"text-align: justify;\">V prosinci 2020 vy\u0161la v nakladatelstv\u00ed Pedagogick\u00e9 fakulty Jiho\u010desk\u00e9 univerzity v \u010cesk\u00fdch Bud\u011bjovic\u00edch v edi\u010dn\u00ed \u0159ad\u011b <strong>Seria Pedagogica et Psychologica<\/strong> (Cesty k pedagogicko-psychologick\u00e9mu pozn\u00e1n\u00ed) kniha <strong>Integrovan\u00e1 v\u00fduka z pohledu v\u00fduky matematiky<\/strong> autorsk\u00e9ho kolektivu Helena Koldov\u00e1, Vladim\u00edra Petr\u00e1\u0161kov\u00e1, Jarmila Novotn\u00e1, Hana Moraov\u00e1, Libu\u0161e Samkov\u00e1, Dagmar Jord\u00e1nov\u00e1, Martin Kazda, Hana Reslov\u00e1. Autorsk\u00fd kolektiv je tvo\u0159en \u010dleny\/\u010dlenkami katedry matematiky PF JU a katedry matematiky PedF UK.<\/p>\n<p>&nbsp;<\/p>\n<p style=\"text-align: justify;\">\u201e<em>M\u00e1me co do \u010din\u011bn\u00ed s publikac\u00ed napsanou na pomysln\u00e9m pr\u016fniku kurikula a didaktiky. Ot\u00e1zky zam\u011b\u0159en\u00e9 na c\u00edle a obsahy vzd\u011bl\u00e1v\u00e1n\u00ed zde prostupuj\u00ed s ot\u00e1zkami po vzd\u011bl\u00e1vac\u00edch form\u00e1ch a metod\u00e1ch. Kurikul\u00e1rn\u00ed rozm\u011br publikace je d\u00e1n ukotven\u00edm v\u00fdkladu do teorie obsahov\u00e9 transformace a tak\u00e9 do konkr\u00e9tn\u00edch vzd\u011bl\u00e1vac\u00edch program\u016f. Didaktick\u00fd rozm\u011br je zohled\u0148ov\u00e1n pojedn\u00e1n\u00edm o v\u00fdukov\u00fdch aktivit\u00e1ch, u\u010debn\u00edch \u00faloh\u00e1ch a zp\u016fsobech jejich \u0159e\u0161en\u00ed \u017e\u00e1ky.<\/em>\u201c<\/p>\n<p>&nbsp;<\/p>\n<p style=\"text-align: justify;\">Tom\u00e1\u0161 Jan\u00edk<\/p>\n<p>&nbsp;<\/p>\n<p style=\"text-align: justify;\">Pro koho je kniha ur\u010dena: <em>pro budouc\u00ed u\u010ditele, u\u010ditele, autory u\u010debnic, pedagogy a didaktiky profesn\u011b p\u0159ipravuj\u00edc\u00ed u\u010ditele, v\u00fdzkumn\u00edky a akademick\u00e9 pracovn\u00edky<\/em> zaj\u00edmaj\u00edc\u00ed se o profesn\u00ed p\u0159\u00edpravu u\u010ditel\u016f.<\/p>\n","protected":false},"excerpt":{"rendered":"<p>Nov\u00e1 kniha kolektivu PF JU a PedF UK: Integrovan\u00e1 v\u00fduka z pohledu v\u00fduky matematiky &nbsp; V prosinci 2020 vy\u0161la v&#8230;<\/p>\n","protected":false},"author":7,"featured_media":0,"parent":0,"menu_order":0,"comment_status":"closed","ping_status":"closed","template":"","meta":{"footnotes":""},"class_list":["post-859","page","type-page","status-publish","hentry"],"_links":{"self":[{"href":"https:\/\/katedry.pf.jcu.cz\/kma\/wp-json\/wp\/v2\/pages\/859","targetHints":{"allow":["GET"]}}],"collection":[{"href":"https:\/\/katedry.pf.jcu.cz\/kma\/wp-json\/wp\/v2\/pages"}],"about":[{"href":"https:\/\/katedry.pf.jcu.cz\/kma\/wp-json\/wp\/v2\/types\/page"}],"author":[{"embeddable":true,"href":"https:\/\/katedry.pf.jcu.cz\/kma\/wp-json\/wp\/v2\/users\/7"}],"replies":[{"embeddable":true,"href":"https:\/\/katedry.pf.jcu.cz\/kma\/wp-json\/wp\/v2\/comments?post=859"}],"version-history":[{"count":0,"href":"https:\/\/katedry.pf.jcu.cz\/kma\/wp-json\/wp\/v2\/pages\/859\/revisions"}],"wp:attachment":[{"href":"https:\/\/katedry.pf.jcu.cz\/kma\/wp-json\/wp\/v2\/media?parent=859"}],"curies":[{"name":"wp","href":"https:\/\/api.w.org\/{rel}","templated":true}]}}