{"id":833,"date":"2020-12-03T16:41:14","date_gmt":"2020-12-03T15:41:14","guid":{"rendered":"https:\/\/katedry.pf.jcu.cz\/kma\/?page_id=833"},"modified":"2025-12-02T13:37:28","modified_gmt":"2025-12-02T12:37:28","slug":"platne-dokumenty","status":"publish","type":"page","link":"https:\/\/katedry.pf.jcu.cz\/kma\/platne-dokumenty\/","title":{"rendered":"Platn\u00e9 dokumenty"},"content":{"rendered":"<p><a href=\"https:\/\/katedry.pf.jcu.cz\/kma\/wp-content\/uploads\/2025\/12\/smernice1-2025.pdf\">Sm\u011brnice vedouc\u00ed katedry matematiky \u010d. 1\/2025\u00a0k p\u0159ij\u00edmac\u00edmu \u0159\u00edzen\u00ed 2025\/2026<\/a><\/p>\n<p><!--\n<a href=\"https:\/\/katedry.pf.jcu.cz\/kma\/wp-content\/uploads\/2021\/05\/smernice2-2020-1.pdf\">Sm\u011brnice vedouc\u00ed katedry matematiky \u010d. 2\/2020 k p\u0159ij\u00edmac\u00edmu \u0159\u00edzen\u00ed<\/a> (Pros\u00edm, pov\u0161imn\u011bte si, \u017ee do\u0161lo ke zm\u011bn\u011b dat p\u0159ij\u00edmac\u00edch zkou\u0161ek, kter\u00e9 se tak nekonaj\u00ed mezi 1. a 8. \u010dervnem, ale mezi 3. a 10. \u010dervnem.)\n--><\/p>\n<p><a href=\"https:\/\/www.jcu.cz\/images\/UNIVERZITA\/Dokumenty\/opatreni-rektora\/platna-opatreni\/2020\/R_452_zveejovn_zvrench_prac_final.pdf\">Opat\u0159en\u00ed rektora o zve\u0159ej\u0148ov\u00e1n\u00ed z\u00e1v\u011bre\u010dn\u00fdch prac\u00ed<\/a><\/p>\n<p><!--\n<a href=\"https:\/\/katedry.pf.jcu.cz\/kma\/wp-content\/uploads\/2020\/09\/uznavani2.pdf\">Nov\u00e9 opat\u0159en\u00ed vedouc\u00edho katedry matematiky k uzn\u00e1v\u00e1n\u00ed p\u0159edm\u011bt\u016f<\/a>\n--><\/p>\n<p><a href=\"https:\/\/www.pf.jcu.cz\/images\/PF\/fakulta\/dokumenty\/opatreni-dekan\/2023\/od23-12.pdf\" target=\"_blank\" rel=\"noopener noreferrer\" data-auth=\"NotApplicable\"> Opat\u0159en\u00ed d\u011bkanky \u010d. 12\/2023, j\u00edm\u017e se vyhla\u0161uje p\u0159ij\u00edm\u00e1n\u00ed ke studiu na Pedagogick\u00e9 fakult\u011b Jiho\u010desk\u00e9 univerzity v \u010cesk\u00fdch Bud\u011bjovic\u00edch se zah\u00e1jen\u00edm v\u00fduky v akademick\u00e9m roce 2024\/2025<\/a><\/p>\n<p><a href=\"https:\/\/katedry.pf.jcu.cz\/kma\/wp-content\/uploads\/2024\/10\/KMA_smernice_4_2024.pdf\">Sm\u011brnice vedouc\u00ed katedry matematiky \u010d. 4\/2024 k\u00a0\u00a0SZZ na C\u017dV<\/a><\/p>\n<p><a href=\"https:\/\/katedry.pf.jcu.cz\/kma\/wp-content\/uploads\/2024\/11\/KMA_smernice_3_2024.pdf\">Sm\u011brnice vedouc\u00ed katedry matematiky \u010d. 3\/2024 k SZZ pro studenty prezen\u010dn\u00edho studia dle nov\u00fdch akreditac\u00ed (v\u010detn\u011b t\u00e9matick\u00fdch okruh\u016f)<\/a><\/p>\n<p><a href=\"https:\/\/katedry.pf.jcu.cz\/kma\/wp-content\/uploads\/2024\/02\/jak-predchazet-plagiatorstvi-ve-studentskych-pracich-prirucka-pro-akademicke-pracovniky-22.pdf\">Jak p\u0159edch\u00e1zet plagi\u00e1torstv\u00ed &#8211; p\u0159\u00edru\u010dka akademik\u016f<\/a><\/p>\n<p>&nbsp;<\/p>\n","protected":false},"excerpt":{"rendered":"<p>Sm\u011brnice vedouc\u00ed katedry matematiky \u010d. 1\/2025\u00a0k p\u0159ij\u00edmac\u00edmu \u0159\u00edzen\u00ed 2025\/2026 Opat\u0159en\u00ed rektora o zve\u0159ej\u0148ov\u00e1n\u00ed z\u00e1v\u011bre\u010dn\u00fdch prac\u00ed Opat\u0159en\u00ed d\u011bkanky \u010d. 12\/2023, j\u00edm\u017e&#8230;<\/p>\n","protected":false},"author":7,"featured_media":0,"parent":0,"menu_order":0,"comment_status":"closed","ping_status":"closed","template":"","meta":{"footnotes":""},"class_list":["post-833","page","type-page","status-publish","hentry"],"_links":{"self":[{"href":"https:\/\/katedry.pf.jcu.cz\/kma\/wp-json\/wp\/v2\/pages\/833","targetHints":{"allow":["GET"]}}],"collection":[{"href":"https:\/\/katedry.pf.jcu.cz\/kma\/wp-json\/wp\/v2\/pages"}],"about":[{"href":"https:\/\/katedry.pf.jcu.cz\/kma\/wp-json\/wp\/v2\/types\/page"}],"author":[{"embeddable":true,"href":"https:\/\/katedry.pf.jcu.cz\/kma\/wp-json\/wp\/v2\/users\/7"}],"replies":[{"embeddable":true,"href":"https:\/\/katedry.pf.jcu.cz\/kma\/wp-json\/wp\/v2\/comments?post=833"}],"version-history":[{"count":0,"href":"https:\/\/katedry.pf.jcu.cz\/kma\/wp-json\/wp\/v2\/pages\/833\/revisions"}],"wp:attachment":[{"href":"https:\/\/katedry.pf.jcu.cz\/kma\/wp-json\/wp\/v2\/media?parent=833"}],"curies":[{"name":"wp","href":"https:\/\/api.w.org\/{rel}","templated":true}]}}